{"id":2185,"date":"2018-03-11T00:00:13","date_gmt":"2018-03-10T23:00:13","guid":{"rendered":"http:\/\/www.villinonoel.it\/nuovo_sito\/?page_id=2185"},"modified":"2025-12-30T13:24:16","modified_gmt":"2025-12-30T12:24:16","slug":"camere","status":"publish","type":"page","link":"https:\/\/www.villinonoel.it\/fr\/camere\/","title":{"rendered":"Chambres"},"content":{"rendered":"<p>[vc_row full_width=\u00a0\u00bbstretch_row\u00a0\u00bb parallax=\u00a0\u00bbcontent-moving-fade\u00a0\u00bb parallax_image=\u00a0\u00bb1725&Prime; css=\u00a0\u00bb.vc_custom_1521975604557{padding-top: 100px !important;padding-bottom: 100px !important;}\u00a0\u00bb][vc_column][\/vc_column][\/vc_row][vc_row full_width=\u00a0\u00bbstretch_row\u00a0\u00bb css=\u00a0\u00bb.vc_custom_1520895766005{margin-bottom: 0px !important;border-bottom-width: 0px !important;padding-top: 20px !important;padding-bottom: 0px !important;}\u00a0\u00bb][vc_column] <h1 style=\"color:#1e73be;padding:px;text-align:;font-size:40px;line-height:40px;letter-spacing: px;font-weight:bold\" class=\"  nd_options_font_size_40_important_all_iphone nd_options_line_height_40_important_all_iphone nd_options_first_font \">Chambres<\/h1> <div style=\"background-color:;height: 10px\" class=\"nicdark_section  \"><\/div><div style=\"background-color:;height: 10px\" class=\"nicdark_section  \"><\/div> <h2 style=\"color:#1e73be;padding:px;text-align:;font-size:18px;line-height:30px;letter-spacing: px;font-weight:bold\" class=\"  nd_options_font_size_18_important_all_iphone nd_options_line_height_40_important_all_iphone nd_options_first_font \">Les chambres sont au nombre de 14, dont 10 individuelles et 4 doubles.<\/h2> [vc_column_text css_animation=\u00a0\u00bbnone\u00a0\u00bb css=\u00a0\u00bb.vc_custom_1523986688141{margin-bottom: 0px !important;border-bottom-width: 0px !important;padding-top: 30px !important;padding-bottom: 0px !important;border-radius: 1px !important;}\u00a0\u00bb]Toutes les chambres disposent de Wifi. En arrivant, demandez le mot de passe.<\/p>\n<p>L\u2019air conditionn\u00e9 est actif pendant la nuit, de 22h00 \u00e0 01h00 et dans l\u2019apr\u00e8s-midi de 14h00 \u00e0 17h00, tout en respectant la sauvegarde de l\u2019Environnement, notre Maison Commune, selon ce qu\u2019a \u00e9crit notre Saint-P\u00e8re Fran\u00e7ois dans l\u2019Encyclique\u00a0\u00ab\u00a0 <a href=\"http:\/\/w2.vatican.va\/content\/francesco\/fr\/encyclicals\/index.html\">Laudato si\u00a0\u00bb<\/a> [Lou\u00e9 sois-tu].<\/p>\n<p>Les chambres, dot\u00e9es du meilleur confort, assurent \u00e0 nos h\u00f4tes un s\u00e9jour serein et reposant.[\/vc_column_text]<div style=\"background-color:;height: 10px\" class=\"nicdark_section  \"><\/div>[\/vc_column][\/vc_row][vc_row css=\u00a0\u00bb.vc_custom_1520896045709{margin-bottom: 0px !important;border-bottom-width: 0px !important;padding-bottom: 0px !important;}\u00a0\u00bb][vc_column width=\u00a0\u00bb1\/2&Prime;][vc_row_inner css=\u00a0\u00bb.vc_custom_1520882812365{margin-top: 0px !important;margin-bottom: 0px !important;border-top-width: 0px !important;border-right-width: 0px !important;border-bottom-width: 0px !important;border-left-width: 0px !important;padding-top: 0px !important;padding-bottom: 0px !important;border-left-color: #1e73be !important;border-left-style: solid !important;border-right-color: #1e73be !important;border-right-style: solid !important;border-top-color: #1e73be !important;border-top-style: solid !important;border-bottom-color: #1e73be !important;border-bottom-style: solid !important;}\u00a0\u00bb][vc_column_inner width=\u00a0\u00bb1\/2&Prime; css=\u00a0\u00bb.vc_custom_1520881721116{margin-bottom: 0px !important;border-bottom-width: 0px !important;padding-bottom: 0px !important;}\u00a0\u00bb] <h3 style=\"color:#1e73be;padding:0px;text-align:;font-size:25px;line-height:25px;letter-spacing: px;font-weight:\" class=\"    \">Chambre individuelle<\/h3> \n\t\n\t<a style=\"border: 2px solid #1e73be;border-radius:px;letter-spacing:px;line-height:px;font-size:px;background-color:;padding:5px 10px;margin:;color:#1e73be\" rel=\"\" href=\"https:\/\/www.villinonoel.it\/nuovo_sito\/camera-singola\/\" class=\"nicdark_display_inline_block nd_options_float_left nd_options_font_weight_bold   \">Regardez plus<\/a>\n\t\n[\/vc_column_inner][vc_column_inner width=\u00a0\u00bb1\/2&Prime; css=\u00a0\u00bb.vc_custom_1520881628140{margin-bottom: 0px !important;border-bottom-width: 0px !important;padding-bottom: 0px !important;}\u00a0\u00bb][vc_column_text css=\u00a0\u00bb.vc_custom_1767097417750{margin-bottom: 0px !important;border-bottom-width: 0px !important;padding-bottom: 0px !important;}\u00a0\u00bb]<\/p>\n<p style=\"text-align: right;\"><strong>\u20ac 70,00<\/strong>\/par nuit avec petit d\u00e9jeuner<\/p>\n<p style=\"text-align: right;\">+ Taxe de s\u00e9jour<\/p>\n<p>[\/vc_column_text][\/vc_column_inner][\/vc_row_inner][vc_single_image image=\u00a0\u00bb3128&Prime; img_size=\u00a0\u00bblarge\u00a0\u00bb alignment=\u00a0\u00bbcenter\u00a0\u00bb onclick=\u00a0\u00bbcustom_link\u00a0\u00bb link=\u00a0\u00bb https:\/\/www.villinonoel.it\/camera-singola\u00a0\u00bb css=\u00a0\u00bb.vc_custom_1628269268886{margin-top: 5px !important;border-top-width: 0px !important;padding-top: 0px !important;}\u00a0\u00bb][\/vc_column][vc_column width=\u00a0\u00bb1\/2&Prime;][vc_row_inner css=\u00a0\u00bb.vc_custom_1520882812365{margin-top: 0px !important;margin-bottom: 0px !important;border-top-width: 0px !important;border-right-width: 0px !important;border-bottom-width: 0px !important;border-left-width: 0px !important;padding-top: 0px !important;padding-bottom: 0px !important;border-left-color: #1e73be !important;border-left-style: solid !important;border-right-color: #1e73be !important;border-right-style: solid !important;border-top-color: #1e73be !important;border-top-style: solid !important;border-bottom-color: #1e73be !important;border-bottom-style: solid !important;}\u00a0\u00bb][vc_column_inner width=\u00a0\u00bb1\/2&Prime; css=\u00a0\u00bb.vc_custom_1520881721116{margin-bottom: 0px !important;border-bottom-width: 0px !important;padding-bottom: 0px !important;}\u00a0\u00bb] <h3 style=\"color:#1e73be;padding:0px;text-align:;font-size:25px;line-height:25px;letter-spacing: px;font-weight:\" class=\"    \">Chambre double<\/h3> <div style=\"background-color:;height: 25px\" class=\"nicdark_section  \"><\/div>\n\t\n\t<a style=\"border: 2px solid #1e73be;border-radius:px;letter-spacing:px;line-height:px;font-size:px;background-color:;padding:5px 10px;margin:;color:#1e73be\" rel=\"\" href=\"https:\/\/www.villinonoel.it\/nuovo_sito\/camera-doppia\/\" class=\"nicdark_display_inline_block nd_options_float_left nd_options_font_weight_bold   \">Regardez plus<\/a>\n\t\n[\/vc_column_inner][vc_column_inner width=\u00a0\u00bb1\/2&Prime; css=\u00a0\u00bb.vc_custom_1520881628140{margin-bottom: 0px !important;border-bottom-width: 0px !important;padding-bottom: 0px !important;}\u00a0\u00bb][vc_column_text css=\u00a0\u00bb.vc_custom_1767097437216{margin-bottom: 0px !important;border-bottom-width: 0px !important;padding-bottom: 0px !important;}\u00a0\u00bb]<\/p>\n<p style=\"text-align: right;\"><span style=\"color: #ff0000;\"><strong>\u00a0<\/strong><\/span><\/p>\n<p style=\"text-align: right;\"><strong>\u20ac 100,00<\/strong>\/par nuit avec petit d\u00e9jeuner<\/p>\n<p style=\"text-align: right;\">+ Taxe de s\u00e9jour<\/p>\n<p>[\/vc_column_text][\/vc_column_inner][\/vc_row_inner][vc_single_image image=\u00a0\u00bb3101&Prime; img_size=\u00a0\u00bblarge\u00a0\u00bb alignment=\u00a0\u00bbcenter\u00a0\u00bb onclick=\u00a0\u00bbcustom_link\u00a0\u00bb link=\u00a0\u00bbhttps:\/\/www.villinonoel.it\/camera-doppia\/\u00a0\u00bb css=\u00a0\u00bb.vc_custom_1628269323639{margin-top: 5px !important;border-top-width: 0px !important;padding-top: 0px !important;}\u00a0\u00bb][\/vc_column][\/vc_row][vc_row][vc_column] <h3 style=\"color:#1e73be;padding:px;text-align:;font-size:25px;line-height:25px;letter-spacing: px;font-weight:\" class=\"    \">Espaces communs<\/h3> [vc_column_text css=\u00a0\u00bb.vc_custom_1523987154277{margin-bottom: 0px !important;border-bottom-width: 0px !important;padding-bottom: 0px !important;background-position: center !important;background-repeat: no-repeat !important;background-size: contain !important;}\u00a0\u00bb]L\u2019h\u00f4te peut se servir des espaces communs que les S\u0153urs mettent \u00e0 sa disposition.[\/vc_column_text][\/vc_column][\/vc_row][vc_row css=\u00a0\u00bb.vc_custom_1520896045709{margin-bottom: 0px !important;border-bottom-width: 0px !important;padding-bottom: 0px !important;}\u00a0\u00bb][vc_column width=\u00a0\u00bb1\/3&Prime;] <h4 style=\"color:#1e73be;padding:px;text-align:;font-size:18px;line-height:18px;letter-spacing: px;font-weight:bold\" class=\"   nd_options_first_font \">R\u00e9ception<\/h4> <div style=\"background-color:;height: 10px\" class=\"nicdark_section  \"><\/div>[vc_single_image image=\u00a0\u00bb3124&Prime; img_size=\u00a0\u00bblarge\u00a0\u00bb alignment=\u00a0\u00bbcenter\u00a0\u00bb onclick=\u00a0\u00bbcustom_link\u00a0\u00bb css_animation=\u00a0\u00bbfadeInUp\u00a0\u00bb link=\u00a0\u00bbhttps:\/\/www.villinonoel.it\/wp-content\/uploads\/2018\/04\/Reception.jpg\u00a0\u00bb css=\u00a0\u00bb.vc_custom_1628286453128{margin-top: 5px !important;border-top-width: 0px !important;padding-top: 0px !important;}\u00a0\u00bb][\/vc_column][vc_column width=\u00a0\u00bb1\/3&Prime;] <h4 style=\"color:#1e73be;padding:px;text-align:;font-size:18px;line-height:18px;letter-spacing: px;font-weight:bold\" class=\"   nd_options_first_font \">Salle de r\u00e9unions<\/h4> <div style=\"background-color:;height: 10px\" class=\"nicdark_section  \"><\/div>[vc_single_image image=\u00a0\u00bb2804&Prime; img_size=\u00a0\u00bblarge\u00a0\u00bb alignment=\u00a0\u00bbcenter\u00a0\u00bb onclick=\u00a0\u00bbcustom_link\u00a0\u00bb css_animation=\u00a0\u00bbfadeInUp\u00a0\u00bb link=\u00a0\u00bbhttps:\/\/www.villinonoel.it\/wp-content\/uploads\/2018\/04\/Sala_Riunioni.jpg\u00a0\u00bb css=\u00a0\u00bb.vc_custom_1523473435967{margin-top: 5px !important;border-top-width: 0px !important;padding-top: 0px !important;}\u00a0\u00bb][\/vc_column][vc_column width=\u00a0\u00bb1\/3&Prime;] <h4 style=\"color:#1e73be;padding:px;text-align:;font-size:18px;line-height:18px;letter-spacing: px;font-weight:bold\" class=\"   nd_options_first_font \">Salle TV<\/h4> <div style=\"background-color:;height: 10px\" class=\"nicdark_section  \"><\/div>[vc_single_image image=\u00a0\u00bb3126&Prime; img_size=\u00a0\u00bblarge\u00a0\u00bb alignment=\u00a0\u00bbcenter\u00a0\u00bb onclick=\u00a0\u00bbcustom_link\u00a0\u00bb css_animation=\u00a0\u00bbfadeInUp\u00a0\u00bb link=\u00a0\u00bbhttps:\/\/www.villinonoel.it\/wp-content\/uploads\/2018\/03\/Sala_TV.jpg\u00a0\u00bb css=\u00a0\u00bb.vc_custom_1628286475848{margin-top: 5px !important;border-top-width: 0px !important;padding-top: 0px !important;}\u00a0\u00bb][\/vc_column][\/vc_row][vc_row][vc_column width=\u00a0\u00bb2\/3&Prime;] <h4 style=\"color:#1e73be;padding:px;text-align:;font-size:18px;line-height:18px;letter-spacing: px;font-weight:bold\" class=\"   nd_options_first_font \">Cour avec parking<\/h4> <div style=\"background-color:;height: 10px\" class=\"nicdark_section  \"><\/div>[vc_single_image image=\u00a0\u00bb3137&Prime; img_size=\u00a0\u00bbfull\u00a0\u00bb alignment=\u00a0\u00bbcenter\u00a0\u00bb onclick=\u00a0\u00bbcustom_link\u00a0\u00bb css_animation=\u00a0\u00bbfadeInUp\u00a0\u00bb link=\u00a0\u00bbhttps:\/\/www.villinonoel.it\/wp-content\/uploads\/2018\/03\/Cortile_Villino_Noel.jpg\u00a0\u00bb css=\u00a0\u00bb.vc_custom_1628286506777{margin-top: 5px !important;border-top-width: 0px !important;padding-top: 0px !important;}\u00a0\u00bb][\/vc_column][vc_column width=\u00a0\u00bb1\/3&Prime;][vc_single_image image=\u00a0\u00bb2181&Prime; img_size=\u00a0\u00bbmedium\u00a0\u00bb onclick=\u00a0\u00bbcustom_link\u00a0\u00bb link=\u00a0\u00bbhttps:\/\/www.villinonoel.it\/wp-content\/uploads\/2018\/03\/Gesu.jpg\u00a0\u00bb][vc_single_image image=\u00a0\u00bb3139&Prime; img_size=\u00a0\u00bblarge\u00a0\u00bb onclick=\u00a0\u00bbcustom_link\u00a0\u00bb link=\u00a0\u00bbhttps:\/\/www.villinonoel.it\/wp-content\/uploads\/2018\/03\/Tavolo_Giardino.jpg\u00a0\u00bb][\/vc_column][\/vc_row][vc_row][vc_column width=\u00a0\u00bb2\/3&Prime;] <h3 style=\"color:#1e73be;padding:px;text-align:;font-size:25px;line-height:25px;letter-spacing: px;font-weight:\" class=\"    \">La Chapelle<\/h3> [vc_column_text css=\u00a0\u00bb.vc_custom_1523987673816{margin-bottom: 0px !important;border-bottom-width: 0px !important;padding-bottom: 0px !important;background-position: center !important;background-repeat: no-repeat !important;background-size: contain !important;}\u00a0\u00bb]La Messe dominicale anticip\u00e9e est c\u00e9l\u00e9br\u00e9e\u00a0 chaque samedi \u00e0 17h30[\/vc_column_text]<div style=\"background-color:;height: 10px\" class=\"nicdark_section  \"><\/div>[vc_single_image image=\u00a0\u00bb2811&Prime; img_size=\u00a0\u00bbfull\u00a0\u00bb onclick=\u00a0\u00bbcustom_link\u00a0\u00bb link=\u00a0\u00bbhttps:\/\/www.villinonoel.it\/wp-content\/uploads\/2018\/04\/Cappella.jpg\u00a0\u00bb][\/vc_column][vc_column width=\u00a0\u00bb1\/3&Prime;][vc_single_image image=\u00a0\u00bb3093&Prime; img_size=\u00a0\u00bbfull\u00a0\u00bb onclick=\u00a0\u00bbcustom_link\u00a0\u00bb link=\u00a0\u00bbhttps:\/\/www.villinonoel.it\/wp-content\/uploads\/2018\/04\/Altare.jpg\u00a0\u00bb][vc_single_image image=\u00a0\u00bb3091&Prime; img_size=\u00a0\u00bbmedium\u00a0\u00bb onclick=\u00a0\u00bbcustom_link\u00a0\u00bb link=\u00a0\u00bbhttps:\/\/www.villinonoel.it\/wp-content\/uploads\/2018\/04\/Particolare_Cappella_.jpg\u00a0\u00bb][\/vc_column][\/vc_row][vc_row][vc_column]\n\t<div class=\"nd_options_section nd_options_text_align_center\">\n\t<a style=\"border: 3px solid #1e73be;border-radius:px;letter-spacing:px;line-height:px;font-size:px;background-color:#ffffff;padding:8px 12px;margin:5px;color:#1e73be\" rel=\"\" target=\" _blank\" href=\"https:\/\/soeursoblatesassomption.wordpress.com\" class=\"nicdark_display_inline_block  nd_options_font_weight_bold nd_options_second_font  \">Visitez le site de la Congr\u00e9gation<\/a>\n\t<\/div>\n[\/vc_column][\/vc_row][vc_row][vc_column]\n    <div style=\"text-align:\" class=\"nd_options_section\">\n      <img decoding=\"async\" alt=\"\" style=\"width:\" class=\" nd_options_margin_0 nd_options_padding_0 \" src=\"\">\n    <\/div>\n   [\/vc_column][\/vc_row]<\/p>\n","protected":false},"excerpt":{"rendered":"<p>[vc_row full_width=\u00a0\u00bbstretch_row\u00a0\u00bb parallax=\u00a0\u00bbcontent-moving-fade\u00a0\u00bb parallax_image=\u00a0\u00bb1725&Prime; css=\u00a0\u00bb.vc_custom_1521975604557{padding-top: 100px !important;padding-bottom: 100px !important;}\u00a0\u00bb][vc_column][\/vc_column][\/vc_row][vc_row full_width=\u00a0\u00bbstretch_row\u00a0\u00bb css=\u00a0\u00bb.vc_custom_1520895766005{margin-bottom: 0px !important;border-bottom-width: 0px !important;padding-top: 20px !important;padding-bottom: 0px !important;}\u00a0\u00bb][vc_column][vc_column_text css_animation=\u00a0\u00bbnone\u00a0\u00bb css=\u00a0\u00bb.vc_custom_1523986688141{margin-bottom: 0px !important;border-bottom-width: 0px !important;padding-top: 30px !important;padding-bottom: 0px !important;border-radius: 1px !important;}\u00a0\u00bb]Toutes les chambres disposent de Wifi. En arrivant, demandez le mot de passe. L\u2019air conditionn\u00e9 est actif pendant la nuit, de 22h00 \u00e0 01h00 et [&hellip;]<\/p>\n","protected":false},"author":1,"featured_media":0,"parent":0,"menu_order":0,"comment_status":"closed","ping_status":"closed","template":"","meta":{"footnotes":""},"class_list":["post-2185","page","type-page","status-publish","hentry"],"_links":{"self":[{"href":"https:\/\/www.villinonoel.it\/fr\/wp-json\/wp\/v2\/pages\/2185","targetHints":{"allow":["GET"]}}],"collection":[{"href":"https:\/\/www.villinonoel.it\/fr\/wp-json\/wp\/v2\/pages"}],"about":[{"href":"https:\/\/www.villinonoel.it\/fr\/wp-json\/wp\/v2\/types\/page"}],"author":[{"embeddable":true,"href":"https:\/\/www.villinonoel.it\/fr\/wp-json\/wp\/v2\/users\/1"}],"replies":[{"embeddable":true,"href":"https:\/\/www.villinonoel.it\/fr\/wp-json\/wp\/v2\/comments?post=2185"}],"version-history":[{"count":113,"href":"https:\/\/www.villinonoel.it\/fr\/wp-json\/wp\/v2\/pages\/2185\/revisions"}],"predecessor-version":[{"id":3405,"href":"https:\/\/www.villinonoel.it\/fr\/wp-json\/wp\/v2\/pages\/2185\/revisions\/3405"}],"wp:attachment":[{"href":"https:\/\/www.villinonoel.it\/fr\/wp-json\/wp\/v2\/media?parent=2185"}],"curies":[{"name":"wp","href":"https:\/\/api.w.org\/{rel}","templated":true}]}}